{"version":"1.0","provider_name":"Lazarus Hospiz Berlin","provider_url":"https:\/\/www.lazarushospiz.de\/pl\/","author_name":"lhb_user","author_url":"https:\/\/www.lazarushospiz.de\/pl\/author\/lhb_user\/","title":"Gedenkfeier f\u00fcr die Verstorbenen - Lazarus Hospiz Berlin","type":"rich","width":600,"height":338,"html":"<blockquote class=\"wp-embedded-content\" data-secret=\"paWi2jNrIh\"><a href=\"https:\/\/www.lazarushospiz.de\/pl\/gedenkfeier-fuer-die-verstorbenen\/\">Gedenkfeier f\u00fcr die Verstorbenen<\/a><\/blockquote><iframe sandbox=\"allow-scripts\" security=\"restricted\" src=\"https:\/\/www.lazarushospiz.de\/pl\/gedenkfeier-fuer-die-verstorbenen\/embed\/#?secret=paWi2jNrIh\" width=\"600\" height=\"338\" title=\"&#8220;Gedenkfeier f\u00fcr die Verstorbenen&#8221; &#8212; Lazarus Hospiz Berlin\" data-secret=\"paWi2jNrIh\" frameborder=\"0\" marginwidth=\"0\" marginheight=\"0\" scrolling=\"no\" class=\"wp-embedded-content\"><\/iframe><script>\n\/*! This file is auto-generated *\/\n!function(d,l){\"use strict\";l.querySelector&&d.addEventListener&&\"undefined\"!=typeof URL&&(d.wp=d.wp||{},d.wp.receiveEmbedMessage||(d.wp.receiveEmbedMessage=function(e){var t=e.data;if((t||t.secret||t.message||t.value)&&!\/[^a-zA-Z0-9]\/.test(t.secret)){for(var s,r,n,a=l.querySelectorAll('iframe[data-secret=\"'+t.secret+'\"]'),o=l.querySelectorAll('blockquote[data-secret=\"'+t.secret+'\"]'),c=new RegExp(\"^https?:$\",\"i\"),i=0;i<o.length;i++)o[i].style.display=\"none\";for(i=0;i<a.length;i++)s=a[i],e.source===s.contentWindow&&(s.removeAttribute(\"style\"),\"height\"===t.message?(1e3<(r=parseInt(t.value,10))?r=1e3:~~r<200&&(r=200),s.height=r):\"link\"===t.message&&(r=new URL(s.getAttribute(\"src\")),n=new URL(t.value),c.test(n.protocol))&&n.host===r.host&&l.activeElement===s&&(d.top.location.href=t.value))}},d.addEventListener(\"message\",d.wp.receiveEmbedMessage,!1),l.addEventListener(\"DOMContentLoaded\",function(){for(var e,t,s=l.querySelectorAll(\"iframe.wp-embedded-content\"),r=0;r<s.length;r++)(t=(e=s[r]).getAttribute(\"data-secret\"))||(t=Math.random().toString(36).substring(2,12),e.src+=\"#?secret=\"+t,e.setAttribute(\"data-secret\",t)),e.contentWindow.postMessage({message:\"ready\",secret:t},\"*\")},!1)))}(window,document);\n\/\/# sourceURL=https:\/\/www.lazarushospiz.de\/wordpress\/wp-includes\/js\/wp-embed.min.js\n<\/script>\n","description":"Zweimal im Jahr laden wir zu einer Gedenkfeier f\u00fcr Verstorbene, die G\u00e4ste im station\u00e4ren Hospiz oder Bewohner im Pflegeheim waren oder durch den ambulanten Hospizdienst begleitet wurden. Der n\u00e4chste Termin ist der 24. November 2023. N\u00e4here Informationen erhalten Sie rechtzeitig [&hellip;]"}