{"id":3059,"date":"2018-10-05T08:35:28","date_gmt":"2018-10-05T06:35:28","guid":{"rendered":"https:\/\/www.lazarushospiz.de\/trauer\/"},"modified":"2024-12-13T10:09:40","modified_gmt":"2024-12-13T09:09:40","slug":"trauer","status":"publish","type":"page","link":"https:\/\/www.lazarushospiz.de\/esp\/trauer\/","title":{"rendered":"Trauer"},"content":{"rendered":"\t\t<div data-elementor-type=\"wp-post\" data-elementor-id=\"3059\" class=\"elementor elementor-3059 elementor-1968\" data-elementor-post-type=\"page\">\n\t\t\t\t\t\t<section class=\"elementor-section elementor-top-section elementor-element elementor-element-npldwf8 elementor-section-boxed elementor-section-height-default elementor-section-height-default\" data-id=\"npldwf8\" data-element_type=\"section\" data-e-type=\"section\" data-settings=\"{&quot;background_background&quot;:&quot;classic&quot;}\">\n\t\t\t\t\t\t\t<div class=\"elementor-background-overlay\"><\/div>\n\t\t\t\t\t\t\t<div class=\"elementor-container elementor-column-gap-default\">\n\t\t\t\t\t<div class=\"elementor-column elementor-col-50 elementor-top-column elementor-element elementor-element-bn2xzjs\" data-id=\"bn2xzjs\" data-element_type=\"column\" data-e-type=\"column\">\n\t\t\t<div class=\"elementor-widget-wrap elementor-element-populated\">\n\t\t\t\t\t\t<div class=\"elementor-element elementor-element-7ly833e elementor-widget elementor-widget-spacer\" data-id=\"7ly833e\" data-element_type=\"widget\" data-e-type=\"widget\" data-widget_type=\"spacer.default\">\n\t\t\t\t<div class=\"elementor-widget-container\">\n\t\t\t\t\t\t\t<div class=\"elementor-spacer\">\n\t\t\t<div class=\"elementor-spacer-inner\"><\/div>\n\t\t<\/div>\n\t\t\t\t\t\t<\/div>\n\t\t\t\t<\/div>\n\t\t\t\t<div class=\"elementor-element elementor-element-x1665ys elementor-widget elementor-widget-heading\" data-id=\"x1665ys\" data-element_type=\"widget\" data-e-type=\"widget\" data-widget_type=\"heading.default\">\n\t\t\t\t<div class=\"elementor-widget-container\">\n\t\t\t\t\t<h1 class=\"elementor-heading-title elementor-size-xl\">Trauer<\/h1>\t\t\t\t<\/div>\n\t\t\t\t<\/div>\n\t\t\t\t<div class=\"elementor-element elementor-element-pjju816 elementor-widget elementor-widget-heading\" data-id=\"pjju816\" data-element_type=\"widget\" data-e-type=\"widget\" data-widget_type=\"heading.default\">\n\t\t\t\t<div class=\"elementor-widget-container\">\n\t\t\t\t\t<h2 class=\"elementor-heading-title elementor-size-default\"><a href=\"https:\/\/www.lazarushospiz.de\/esp\/\">Lazarus Hospiz Berlin<\/a><\/h2>\t\t\t\t<\/div>\n\t\t\t\t<\/div>\n\t\t\t\t<div class=\"elementor-element elementor-element-iele430 elementor-widget elementor-widget-spacer\" data-id=\"iele430\" data-element_type=\"widget\" data-e-type=\"widget\" data-widget_type=\"spacer.default\">\n\t\t\t\t<div class=\"elementor-widget-container\">\n\t\t\t\t\t\t\t<div class=\"elementor-spacer\">\n\t\t\t<div class=\"elementor-spacer-inner\"><\/div>\n\t\t<\/div>\n\t\t\t\t\t\t<\/div>\n\t\t\t\t<\/div>\n\t\t\t\t\t<\/div>\n\t\t<\/div>\n\t\t\t\t<div class=\"elementor-column elementor-col-50 elementor-top-column elementor-element elementor-element-z9dcmza\" data-id=\"z9dcmza\" data-element_type=\"column\" data-e-type=\"column\">\n\t\t\t<div class=\"elementor-widget-wrap elementor-element-populated\">\n\t\t\t\t\t\t<div class=\"elementor-element elementor-element-aagt0kf elementor-hidden-tablet elementor-hidden-phone elementor-widget elementor-widget-spacer\" data-id=\"aagt0kf\" data-element_type=\"widget\" data-e-type=\"widget\" data-widget_type=\"spacer.default\">\n\t\t\t\t<div class=\"elementor-widget-container\">\n\t\t\t\t\t\t\t<div class=\"elementor-spacer\">\n\t\t\t<div class=\"elementor-spacer-inner\"><\/div>\n\t\t<\/div>\n\t\t\t\t\t\t<\/div>\n\t\t\t\t<\/div>\n\t\t\t\t\t<\/div>\n\t\t<\/div>\n\t\t\t\t\t<\/div>\n\t\t<\/section>\n\t\t\t\t<section class=\"elementor-section elementor-top-section elementor-element elementor-element-44891a4 elementor-section-boxed elementor-section-height-default elementor-section-height-default\" data-id=\"44891a4\" data-element_type=\"section\" data-e-type=\"section\">\n\t\t\t\t\t\t<div class=\"elementor-container elementor-column-gap-default\">\n\t\t\t\t\t<div class=\"elementor-column elementor-col-100 elementor-top-column elementor-element elementor-element-9d73d04\" data-id=\"9d73d04\" data-element_type=\"column\" data-e-type=\"column\">\n\t\t\t<div class=\"elementor-widget-wrap\">\n\t\t\t\t\t\t\t<\/div>\n\t\t<\/div>\n\t\t\t\t\t<\/div>\n\t\t<\/section>\n\t\t\t\t<section class=\"elementor-section elementor-top-section elementor-element elementor-element-e66842e elementor-section-boxed elementor-section-height-default elementor-section-height-default\" data-id=\"e66842e\" data-element_type=\"section\" data-e-type=\"section\">\n\t\t\t\t\t\t<div class=\"elementor-container elementor-column-gap-default\">\n\t\t\t\t\t<div class=\"elementor-column elementor-col-100 elementor-top-column elementor-element elementor-element-1f9fa2a\" data-id=\"1f9fa2a\" data-element_type=\"column\" data-e-type=\"column\">\n\t\t\t<div class=\"elementor-widget-wrap elementor-element-populated\">\n\t\t\t\t\t\t<div class=\"elementor-element elementor-element-aa90c02 elementor-widget elementor-widget-text-editor\" data-id=\"aa90c02\" data-element_type=\"widget\" data-e-type=\"widget\" data-widget_type=\"text-editor.default\">\n\t\t\t\t<div class=\"elementor-widget-container\">\n\t\t\t\t\t\t\t\t\t<p><strong>Sie w\u00fcnschen sich Begleitung in der Trauer?<br \/><\/strong><\/p><p>Trauer ist ein Prozess, der sich bei jedem Menschen anders \u00e4u\u00dfert. In Ihrer individuellen Trauer werden Sie von uns unterst\u00fctzt.<\/p><p>Wir bieten Ihnen Begleitung im Rahmen des Trauercaf\u00e9s an.\u00a0<span style=\"font-size: 19px\">Sollten Sie eine individuelle Begleitung w\u00fcnschen, stehen Ihnen ehrenamtliche\u00a0 Trauerbegleiter*innen zur Verf\u00fcgung.\u00a0<\/span><\/p>\t\t\t\t\t\t\t\t<\/div>\n\t\t\t\t<\/div>\n\t\t\t\t<div class=\"elementor-element elementor-element-71c9cad height-30 elementor-widget elementor-widget-spacer\" data-id=\"71c9cad\" data-element_type=\"widget\" data-e-type=\"widget\" data-widget_type=\"spacer.default\">\n\t\t\t\t<div class=\"elementor-widget-container\">\n\t\t\t\t\t\t\t<div class=\"elementor-spacer\">\n\t\t\t<div class=\"elementor-spacer-inner\"><\/div>\n\t\t<\/div>\n\t\t\t\t\t\t<\/div>\n\t\t\t\t<\/div>\n\t\t\t\t\t<\/div>\n\t\t<\/div>\n\t\t\t\t\t<\/div>\n\t\t<\/section>\n\t\t\t\t<section class=\"elementor-section elementor-top-section elementor-element elementor-element-4e7f7e9 elementor-section-boxed elementor-section-height-default elementor-section-height-default\" data-id=\"4e7f7e9\" data-element_type=\"section\" data-e-type=\"section\">\n\t\t\t\t\t\t<div class=\"elementor-container elementor-column-gap-default\">\n\t\t\t\t\t<div class=\"elementor-column elementor-col-66 elementor-top-column elementor-element elementor-element-4467c41\" data-id=\"4467c41\" data-element_type=\"column\" data-e-type=\"column\">\n\t\t\t<div class=\"elementor-widget-wrap elementor-element-populated\">\n\t\t\t\t\t\t<div class=\"elementor-element elementor-element-7be2a4f elementor-widget elementor-widget-text-editor\" data-id=\"7be2a4f\" data-element_type=\"widget\" data-e-type=\"widget\" id=\"trauercafe\" data-widget_type=\"text-editor.default\">\n\t\t\t\t<div class=\"elementor-widget-container\">\n\t\t\t\t\t\t\t\t\t<h2>Trauercaf\u00e9<\/h2>\n<p>Das Trauer-Caf\u00e9 ist alle zwei Wochen. Wer nach dem Tod eines geliebten Menschen trauert, darf dabei sein.<\/p>\n<p>Es gibt Kaffee und Kuchen. Und dann sprechen wir \u00fcber den Tod und unsere Gef\u00fchle. Niemand muss etwas sagen. Man kann auch schweigen.<br \/>\nAlle, die dabei sind, kennen Trauer. Das kann den anderen helfen.<\/p>\n\t\t\t\t\t\t\t\t<\/div>\n\t\t\t\t<\/div>\n\t\t\t\t\t<\/div>\n\t\t<\/div>\n\t\t\t\t<div class=\"elementor-column elementor-col-33 elementor-top-column elementor-element elementor-element-aad6375\" data-id=\"aad6375\" data-element_type=\"column\" data-e-type=\"column\">\n\t\t\t<div class=\"elementor-widget-wrap elementor-element-populated\">\n\t\t\t\t\t\t<div class=\"elementor-element elementor-element-927bbcb side-box elementor-widget elementor-widget-icon-box\" data-id=\"927bbcb\" data-element_type=\"widget\" data-e-type=\"widget\" data-widget_type=\"icon-box.default\">\n\t\t\t\t<div class=\"elementor-widget-container\">\n\t\t\t\t\t\t\t<div class=\"elementor-icon-box-wrapper\">\n\n\t\t\t\n\t\t\t\t\t\t<div class=\"elementor-icon-box-content\">\n\n\t\t\t\t\n\t\t\t\t\t\t\t\t\t<p class=\"elementor-icon-box-description\">\n\t\t\t\t\t\tDas Caf\u00e9 wird geleitet von einer Trauer-begleiterin. Mit ihr telefonieren Sie vor Ihrem ersten Besuch.\n<br><br>\n\n<\/strong>Telefon:\u00a0<a href=\"tel:+493046705281\">030 46705-281<\/a><br>\n<a href=\"&#109;&#x61;i&#108;&#x74;o&#58;&#x74;r&#97;&#x75;e&#114;&#x63;&#97;&#x66;&#x65;&#45;&#x6c;&#x61;&#122;&#x61;u&#114;&#x73;&#64;&#108;&#x6f;b&#101;&#x74;a&#108;&#x2e;&#100;&#x65;\">E-Mail schreiben<\/a>\t\t\t\t\t<\/p>\n\t\t\t\t\n\t\t\t<\/div>\n\t\t\t\n\t\t<\/div>\n\t\t\t\t\t\t<\/div>\n\t\t\t\t<\/div>\n\t\t\t\t\t<\/div>\n\t\t<\/div>\n\t\t\t\t\t<\/div>\n\t\t<\/section>\n\t\t\t\t<section class=\"elementor-section elementor-top-section elementor-element elementor-element-e25c3a8 elementor-section-boxed elementor-section-height-default elementor-section-height-default\" data-id=\"e25c3a8\" data-element_type=\"section\" data-e-type=\"section\">\n\t\t\t\t\t\t<div class=\"elementor-container elementor-column-gap-default\">\n\t\t\t\t\t<div class=\"elementor-column elementor-col-100 elementor-top-column elementor-element elementor-element-620d9e2\" data-id=\"620d9e2\" data-element_type=\"column\" data-e-type=\"column\">\n\t\t\t<div class=\"elementor-widget-wrap elementor-element-populated\">\n\t\t\t\t\t\t<div class=\"elementor-element elementor-element-9475248 elementor-widget elementor-widget-spacer\" data-id=\"9475248\" data-element_type=\"widget\" data-e-type=\"widget\" data-widget_type=\"spacer.default\">\n\t\t\t\t<div class=\"elementor-widget-container\">\n\t\t\t\t\t\t\t<div class=\"elementor-spacer\">\n\t\t\t<div class=\"elementor-spacer-inner\"><\/div>\n\t\t<\/div>\n\t\t\t\t\t\t<\/div>\n\t\t\t\t<\/div>\n\t\t\t\t\t<\/div>\n\t\t<\/div>\n\t\t\t\t\t<\/div>\n\t\t<\/section>\n\t\t\t\t<section class=\"elementor-section elementor-top-section elementor-element elementor-element-3854fcc1 elementor-section-boxed elementor-section-height-default elementor-section-height-default\" data-id=\"3854fcc1\" data-element_type=\"section\" data-e-type=\"section\">\n\t\t\t\t\t\t<div class=\"elementor-container elementor-column-gap-default\">\n\t\t\t\t\t<div class=\"elementor-column elementor-col-33 elementor-top-column elementor-element elementor-element-506379d8\" data-id=\"506379d8\" data-element_type=\"column\" data-e-type=\"column\">\n\t\t\t<div class=\"elementor-widget-wrap elementor-element-populated\">\n\t\t\t\t\t\t<div class=\"elementor-element elementor-element-c46d7bc logo-img elementor-widget elementor-widget-image\" data-id=\"c46d7bc\" data-element_type=\"widget\" data-e-type=\"widget\" data-widget_type=\"image.default\">\n\t\t\t\t<div class=\"elementor-widget-container\">\n\t\t\t\t\t\t\t\t\t\t\t\t\t\t\t<img decoding=\"async\" width=\"300\" height=\"67\" src=\"https:\/\/www.lazarushospiz.de\/wordpress\/wp-content\/uploads\/logo-lazarushospiz-berlin-300x67.png\" class=\"attachment-medium size-medium wp-image-1849\" alt=\"\" srcset=\"https:\/\/www.lazarushospiz.de\/wordpress\/wp-content\/uploads\/logo-lazarushospiz-berlin-300x67.png 300w, https:\/\/www.lazarushospiz.de\/wordpress\/wp-content\/uploads\/logo-lazarushospiz-berlin-768x172.png 768w, https:\/\/www.lazarushospiz.de\/wordpress\/wp-content\/uploads\/logo-lazarushospiz-berlin.png 820w\" sizes=\"(max-width: 300px) 100vw, 300px\" \/>\t\t\t\t\t\t\t\t\t\t\t\t\t\t\t<\/div>\n\t\t\t\t<\/div>\n\t\t\t\t\t<\/div>\n\t\t<\/div>\n\t\t\t\t<div class=\"elementor-column elementor-col-33 elementor-top-column elementor-element elementor-element-6887e8c5\" data-id=\"6887e8c5\" data-element_type=\"column\" data-e-type=\"column\">\n\t\t\t<div class=\"elementor-widget-wrap elementor-element-populated\">\n\t\t\t\t\t\t<div class=\"elementor-element elementor-element-3831f407 logo-img elementor-widget elementor-widget-image\" data-id=\"3831f407\" data-element_type=\"widget\" data-e-type=\"widget\" data-widget_type=\"image.default\">\n\t\t\t\t<div class=\"elementor-widget-container\">\n\t\t\t\t\t\t\t\t\t\t\t\t\t\t\t\t<a href=\"https:\/\/www.lobetal.de\">\n\t\t\t\t\t\t\t<img decoding=\"async\" width=\"342\" height=\"75\" src=\"https:\/\/www.lazarushospiz.de\/wordpress\/wp-content\/uploads\/logo-hstl.png\" class=\"attachment-large size-large wp-image-4054\" alt=\"\" srcset=\"https:\/\/www.lazarushospiz.de\/wordpress\/wp-content\/uploads\/logo-hstl.png 342w, https:\/\/www.lazarushospiz.de\/wordpress\/wp-content\/uploads\/logo-hstl-300x66.png 300w\" sizes=\"(max-width: 342px) 100vw, 342px\" \/>\t\t\t\t\t\t\t\t<\/a>\n\t\t\t\t\t\t\t\t\t\t\t\t\t\t\t<\/div>\n\t\t\t\t<\/div>\n\t\t\t\t\t<\/div>\n\t\t<\/div>\n\t\t\t\t<div class=\"elementor-column elementor-col-33 elementor-top-column elementor-element elementor-element-36f24a59\" data-id=\"36f24a59\" data-element_type=\"column\" data-e-type=\"column\">\n\t\t\t<div class=\"elementor-widget-wrap elementor-element-populated\">\n\t\t\t\t\t\t<div class=\"elementor-element elementor-element-62910b27 logo-img elementor-widget elementor-widget-image\" data-id=\"62910b27\" data-element_type=\"widget\" data-e-type=\"widget\" data-widget_type=\"image.default\">\n\t\t\t\t<div class=\"elementor-widget-container\">\n\t\t\t\t\t\t\t\t\t\t\t\t\t\t\t\t<a href=\"https:\/\/www.bethel.de\">\n\t\t\t\t\t\t\t<img decoding=\"async\" width=\"271\" height=\"75\" src=\"https:\/\/www.lazarushospiz.de\/wordpress\/wp-content\/uploads\/logo-bethel.png\" class=\"attachment-large size-large wp-image-2989\" alt=\"\" \/>\t\t\t\t\t\t\t\t<\/a>\n\t\t\t\t\t\t\t\t\t\t\t\t\t\t\t<\/div>\n\t\t\t\t<\/div>\n\t\t\t\t\t<\/div>\n\t\t<\/div>\n\t\t\t\t\t<\/div>\n\t\t<\/section>\n\t\t\t\t<\/div>\n\t\t","protected":false},"excerpt":{"rendered":"<p>Trauer Lazarus Hospiz Berlin Sie w\u00fcnschen sich Begleitung in der Trauer? Trauer ist ein Prozess, der sich bei jedem Menschen anders \u00e4u\u00dfert. In Ihrer individuellen Trauer werden Sie von uns unterst\u00fctzt. Wir bieten Ihnen Begleitung im Rahmen des Trauercaf\u00e9s an.\u00a0Sollten [&hellip;]<\/p>\n","protected":false},"author":1,"featured_media":0,"parent":0,"menu_order":0,"comment_status":"closed","ping_status":"closed","template":"","meta":{"_acf_changed":false,"site-sidebar-layout":"no-sidebar","site-content-layout":"page-builder","ast-site-content-layout":"full-width-container","site-content-style":"unboxed","site-sidebar-style":"unboxed","ast-global-header-display":"","ast-banner-title-visibility":"","ast-main-header-display":"","ast-hfb-above-header-display":"","ast-hfb-below-header-display":"","ast-hfb-mobile-header-display":"","site-post-title":"disabled","ast-breadcrumbs-content":"","ast-featured-img":"","footer-sml-layout":"","ast-disable-related-posts":"","theme-transparent-header-meta":"default","adv-header-id-meta":"","stick-header-meta":"default","header-above-stick-meta":"","header-main-stick-meta":"","header-below-stick-meta":"","astra-migrate-meta-layouts":"default","ast-page-background-enabled":"default","ast-page-background-meta":{"desktop":{"background-color":"","background-image":"","background-repeat":"repeat","background-position":"center center","background-size":"auto","background-attachment":"scroll","background-type":"","background-media":"","overlay-type":"","overlay-color":"","overlay-opacity":"","overlay-gradient":""},"tablet":{"background-color":"","background-image":"","background-repeat":"repeat","background-position":"center center","background-size":"auto","background-attachment":"scroll","background-type":"","background-media":"","overlay-type":"","overlay-color":"","overlay-opacity":"","overlay-gradient":""},"mobile":{"background-color":"","background-image":"","background-repeat":"repeat","background-position":"center center","background-size":"auto","background-attachment":"scroll","background-type":"","background-media":"","overlay-type":"","overlay-color":"","overlay-opacity":"","overlay-gradient":""}},"ast-content-background-meta":{"desktop":{"background-color":"var(--ast-global-color-5)","background-image":"","background-repeat":"repeat","background-position":"center center","background-size":"auto","background-attachment":"scroll","background-type":"","background-media":"","overlay-type":"","overlay-color":"","overlay-opacity":"","overlay-gradient":""},"tablet":{"background-color":"var(--ast-global-color-5)","background-image":"","background-repeat":"repeat","background-position":"center center","background-size":"auto","background-attachment":"scroll","background-type":"","background-media":"","overlay-type":"","overlay-color":"","overlay-opacity":"","overlay-gradient":""},"mobile":{"background-color":"var(--ast-global-color-5)","background-image":"","background-repeat":"repeat","background-position":"center center","background-size":"auto","background-attachment":"scroll","background-type":"","background-media":"","overlay-type":"","overlay-color":"","overlay-opacity":"","overlay-gradient":""}},"footnotes":""},"class_list":["post-3059","page","type-page","status-publish","hentry"],"acf":[],"_links":{"self":[{"href":"https:\/\/www.lazarushospiz.de\/esp\/wp-json\/wp\/v2\/pages\/3059","targetHints":{"allow":["GET"]}}],"collection":[{"href":"https:\/\/www.lazarushospiz.de\/esp\/wp-json\/wp\/v2\/pages"}],"about":[{"href":"https:\/\/www.lazarushospiz.de\/esp\/wp-json\/wp\/v2\/types\/page"}],"author":[{"embeddable":true,"href":"https:\/\/www.lazarushospiz.de\/esp\/wp-json\/wp\/v2\/users\/1"}],"replies":[{"embeddable":true,"href":"https:\/\/www.lazarushospiz.de\/esp\/wp-json\/wp\/v2\/comments?post=3059"}],"version-history":[{"count":42,"href":"https:\/\/www.lazarushospiz.de\/esp\/wp-json\/wp\/v2\/pages\/3059\/revisions"}],"predecessor-version":[{"id":8991,"href":"https:\/\/www.lazarushospiz.de\/esp\/wp-json\/wp\/v2\/pages\/3059\/revisions\/8991"}],"wp:attachment":[{"href":"https:\/\/www.lazarushospiz.de\/esp\/wp-json\/wp\/v2\/media?parent=3059"}],"curies":[{"name":"wp","href":"https:\/\/api.w.org\/{rel}","templated":true}]}}